{"version":"1.0","provider_name":"dolgokbp","provider_url":"https:\/\/dolgokbp.cafeblog.hu","author_name":"dolgokbp","author_url":"https:\/\/dolgokbp.cafeblog.hu\/author\/dolgokbp\/","title":"v\u00edzvezet\u00e9k szerel\u00e9s \u00e1rak","html":"<div id=\"post-77\" class=\"post-77 post type-post status-publish format-standard has-post-thumbnail hentry category-szereles tag-vizszereles-arak tag-vizszerelo-arak tag-vizszerelo-arak-2020 tag-vizvezetek-szereles-arak tag-vizvezetek-szereles-arak-2020 tag-vizvezetek-szerelo-arak\">\r\n<div class=\"entry-content\"><header class=\"entry-header\">\r\n<div class=\"entry-content\">\r\n<h2 align=\"justify\">v\u00edzvezet\u00e9k szerel\u00e9s \u00e1rak<\/h2>\r\n<p align=\"justify\"><a href=\"https:\/\/vizszerelobp.hu\/vizvezetek-szereles-arak\/\">V\u00edzvezet\u00e9k szerel\u00e9s \u00e1rak<\/a> lakoss\u00e1gi gyorsszolg\u00e1lat. R\u00f6vid hat\u00e1rid\u0151vel. Tel.: 06-30-897-1235. Megb\u00edzhat\u00f3, rugalmas\u00a0v\u00edzszerel\u0151 Budapest\u00a0\u00f6sszes ker\u00fclet\u00e9ben.<\/p>\r\n<p>A v\u00edzszerel\u00e9s \u00e1rak 2020. janu\u00e1r 3-t\u00f3l \u00e9rv\u00e9nyesek, nem tartalmazz\u00e1k az anyagk\u00f6lts\u00e9get \u00e9s a parkol\u00e1si d\u00edjat. H\u00e9tk\u00f6znapokon 8 \u2013 18 \u00f3ra k\u00f6z\u00f6tt \u00e9rv\u00e9nyesek. A v\u00edzvezet\u00e9k szerel\u0151 gyorsszerviz szolg\u00e1ltat\u00e1s minimum d\u00edja 15.000.-Ft kisz\u00e1ll\u00e1si d\u00edjjal egy\u00fctt, ez az \u00f6sszeg alatti munk\u00e1t nem v\u00e1llalok. Megfizethet\u0151 \u00e1rak, gyors, hat\u00e9kony szolg\u00e1ltat\u00e1s.<\/p>\r\n<\/div>\r\n<\/header><\/div>\r\n<footer class=\"entry-meta\"><span class=\"footer-tags\">\u00a0\u00a0v\u00edzszerel\u00e9s \u00e1rak,\u00a0v\u00edzszerel\u0151 \u00e1rak,\u00a0v\u00edzszerel\u0151 \u00e1rak 2020,\u00a0v\u00edzvezet\u00e9k szerel\u00e9s \u00e1rak,\u00a0v\u00edzvezet\u00e9k szerel\u00e9s \u00e1rak 2020,\u00a0v\u00edzvezet\u00e9k szerel\u0151 \u00e1rak.<\/span><\/footer><\/div>\r\n<footer><\/footer><footer><\/footer><footer><\/footer><footer><\/footer><footer><img class=\"alignnone wp-image-94 size-full\" src=\"https:\/\/dolgokbp.cafeblog.hu\/files\/2020\/02\/v\u00edzvezet\u00e9k-szerel\u00e9s-\u00e1rak.png\" alt=\"v\u00edzvezet\u00e9k szerel\u00e9s \u00e1rak\" width=\"367\" height=\"472\" \/><\/footer>\r\n<div id=\"nav-below\" class=\"navigation\">\r\n<div class=\"nav-previous\">\u00a0<\/div>\r\n<\/div>","type":"rich"}